{"id":15,"date":"2017-06-16T14:31:05","date_gmt":"2017-06-16T12:31:05","guid":{"rendered":"http:\/\/phototherapie.be\/?page_id=15"},"modified":"2022-10-04T13:07:55","modified_gmt":"2022-10-04T11:07:55","slug":"une-journee-de-phototherapie","status":"publish","type":"page","link":"https:\/\/phototherapie.be\/index.php\/une-journee-de-phototherapie\/","title":{"rendered":"Une journ\u00e9e de phototh\u00e9rapie"},"content":{"rendered":"\n\n\t<h4>D\u00e9roulement d&rsquo;une journ\u00e9e de Phototh\u00e9rapie<\/h4>\n<h4>Exemple avec Jean Mahaux &#8211; Photographe \u00e0 Marchin &#8211; Belgique<\/h4>\n\t<h1>D\u00e9roulement d&rsquo;une journ\u00e9e<\/h1>\n<p>Une s\u00e9ance de phototh\u00e9rapie se d\u00e9roule sur une journ\u00e9e et est articul\u00e9e en 3 parties pouvant varier largement d&rsquo;une personne \u00e0 l&rsquo;autre. Aucun objectif n&rsquo;est pr\u00e9d\u00e9fini.<\/p>\n<p>Cette journ\u00e9e vous est consacr\u00e9e, vous en \u00eates le personnage principal et votre seule pr\u00e9occupation sera de vous laisser porter, de l\u00e2cher prise .<\/p>\n<p>Je travaille exclusivement en collaboration avec une maquilleuse aussi coiffeuse afin de proposer une harmonie parfaite entre les \u00e9nergies f\u00e9minine et masculine.<\/p>\n<p>&nbsp;<\/p>\n<h2>Au programme de cette journ\u00e9e&#8230;<\/h2>\n<p>Votre t\u00e9l\u00e9phone est \u00e9teint et rang\u00e9. C&rsquo;est votre journ\u00e9e et rien, ni personne, ne viendra vous perturber.<\/p>\n<p>Dans un premier temps nous travaillerons sur l&rsquo;acceptation. Le visionnage des premi\u00e8res photos vous permettra de \u00ab re-faire \u00bb connaissance avec vous-m\u00eame. D\u00e8s lors, il nous sera plus facile de travailler sur l&rsquo;appr\u00e9ciation et finalement acc\u00e9der \u00e0 l&rsquo;\u00e9tape de la lib\u00e9ration o\u00f9 vous laisserez s&rsquo;exprimer cette personne que vous re-d\u00e9couvrez&#8230; cette personne que vous aviez peut-\u00eatre oubli\u00e9e, la personne que vous n&rsquo;aviez peut-\u00eatre pas os\u00e9 laisser s&rsquo;exprimer&#8230;<\/p>\n<p>Je vous offre un moment privil\u00e9gi\u00e9 o\u00f9 vous pouvez \u00eatre vous-m\u00eame, la personne que vous r\u00eaviez d&rsquo;\u00eatre ou que vous ne vous imaginiez pas \u00eatre&#8230; car les photos, c&rsquo;est pour vous une preuve tangible de votre potentiel, une preuve du d\u00e9fi relev\u00e9, la preuve de l&rsquo;amour que vous vous portez, la preuve que votre fragilit\u00e9 est loin d&rsquo;\u00eatre la seule facette de votre personnalit\u00e9. Il ne serait pas \u00e9tonnant qu&rsquo;un sentiment de fiert\u00e9 vous envahisse, certaines de vos limites s&rsquo;estompent pour laisser s&rsquo;exprimer votre potentiel.<\/p>\n<p>Oscar Wilde a \u00e9crit \u00ab\u00a0La beaut\u00e9 est dans les yeux de celui qui regarde\u00a0\u00bb La photo est la capture de ce que je vois de vous. Je ne vous laisserai pas quitter le studio avant que vous ne voyiez la m\u00eame chose que moi&#8230;<\/p>\n<p>Vous pouvez croire en ceci&#8230; En chacun d&rsquo;entre nous, sommeille un potentiel illimit\u00e9. Au cours de cette journ\u00e9e, je vous le d\u00e9voilerai et mon plus bel accomplissement sera d&rsquo;avoir \u00e9t\u00e9, pour vous, un \u00e9l\u00e9ment d\u00e9clencheur de l&rsquo;envie d&rsquo;aller bien plus loin , bien longtemps apr\u00e8s notre rencontre.<\/p>\n<p>Ma r\u00e9ussite sera la v\u00f4tre et je vous invite \u00e0 partager cette exp\u00e9rience&#8230;<\/p>\n<p>&nbsp;<\/p>\n\t\t\t\t<img src=\"http:\/\/phototherapie.be\/wp-content\/uploads\/2017\/06\/Capture-d'e\u0301cran-2017-06-15-a\u0300-11.18.44-1024x699-circle.png\" alt=\"Capture-d'e\u0301cran-2017-06-15-a\u0300-11.18.44-1024x699-circle\" itemprop=\"image\" title=\"Capture-d'e\u0301cran-2017-06-15-a\u0300-11.18.44-1024x699-circle\" onerror=\"this.style.display='none'\"  \/>\n\t\n\t<h3><strong>Des questions ? Des commentaires ?<br \/>\n<\/strong>Partagez-nous votre ressenti<\/h3>\n\n","protected":false},"excerpt":{"rendered":"<p>D\u00e9roulement d&rsquo;une journ\u00e9e de Phototh\u00e9rapie Exemple avec Jean Mahaux &#8211; Photographe \u00e0 Marchin &#8211; Belgique D\u00e9roulement d&rsquo;une journ\u00e9e Une s\u00e9ance de phototh\u00e9rapie se d\u00e9roule sur une journ\u00e9e et est articul\u00e9e en 3 parties pouvant varier largement d&rsquo;une personne \u00e0 l&rsquo;autre. Aucun objectif n&rsquo;est pr\u00e9d\u00e9fini. Cette journ\u00e9e vous est consacr\u00e9e, vous en \u00eates le personnage principal&hellip;<\/p>\n","protected":false},"author":1,"featured_media":0,"parent":0,"menu_order":0,"comment_status":"closed","ping_status":"closed","template":"","meta":[],"_links":{"self":[{"href":"https:\/\/phototherapie.be\/index.php\/wp-json\/wp\/v2\/pages\/15"}],"collection":[{"href":"https:\/\/phototherapie.be\/index.php\/wp-json\/wp\/v2\/pages"}],"about":[{"href":"https:\/\/phototherapie.be\/index.php\/wp-json\/wp\/v2\/types\/page"}],"author":[{"embeddable":true,"href":"https:\/\/phototherapie.be\/index.php\/wp-json\/wp\/v2\/users\/1"}],"replies":[{"embeddable":true,"href":"https:\/\/phototherapie.be\/index.php\/wp-json\/wp\/v2\/comments?post=15"}],"version-history":[{"count":9,"href":"https:\/\/phototherapie.be\/index.php\/wp-json\/wp\/v2\/pages\/15\/revisions"}],"predecessor-version":[{"id":506,"href":"https:\/\/phototherapie.be\/index.php\/wp-json\/wp\/v2\/pages\/15\/revisions\/506"}],"wp:attachment":[{"href":"https:\/\/phototherapie.be\/index.php\/wp-json\/wp\/v2\/media?parent=15"}],"curies":[{"name":"wp","href":"https:\/\/api.w.org\/{rel}","templated":true}]}}