{"id":7,"date":"2017-06-16T14:29:30","date_gmt":"2017-06-16T12:29:30","guid":{"rendered":"http:\/\/phototherapie.be\/?page_id=7"},"modified":"2025-09-16T11:40:40","modified_gmt":"2025-09-16T09:40:40","slug":"accueil-phototherapie","status":"publish","type":"page","link":"https:\/\/phototherapie.be\/","title":{"rendered":"Accueil Phototherapie"},"content":{"rendered":"\n\n\t\t\t<img loading='false' src=\"http:\/\/phototherapie.be\/wp-content\/uploads\/2017\/06\/accueil-phototh\u00e9rapie.jpg\" alt=\"Accueil-phototh\u00e9rapie\" \/><a href=\"http:\/\/phototherapie.be\/index.php\/la-phototherapie-cest-quoi\/\" target=\"_self\" aria-label=\"Qu&#039;est-ce que la Phototh\u00e9rapie ?\" rel=\"noopener\"><\/a>\t\t\t\n\t\t\t\t<h2>Qu&rsquo;est-ce que la Phototh\u00e9rapie ?<\/h2><p>Discipline encore peu connue en Europe, la Phototh\u00e9rapie utilise la photographie dans un but th\u00e9rapeutique, le photographe sp\u00e9cialis\u00e9 vise \u00e0 r\u00e9tablir chez une personne un certain \u00e9quilibre entre l&rsquo;apparence et la perception de cette derni\u00e8re.<\/p>\n\t\t\t<a href=\"http:\/\/phototherapie.be\/index.php\/la-phototherapie-cest-quoi\/\" target=\"_self\" role=\"button\" rel=\"noopener\">\n\t\t\t\t\t\t\tEn savoir plus\n\t\t\t\t\t<\/a>\n\t\t\t<img loading='false' src=\"https:\/\/phototherapie.be\/wp-content\/uploads\/2025\/09\/Design-sans-titre-56.png\" alt=\"\" \/><a href=\"http:\/\/phototherapie.be\/index.php\/une-journee-de-phototherapie\/\" target=\"_self\" aria-label=\"D\u00e9roulement d&#039;une journ\u00e9e de Phototh\u00e9rapie\" rel=\"noopener\"><\/a>\t\t\t\n\t\t\t\t<h2>D\u00e9roulement d&rsquo;une journ\u00e9e de Phototh\u00e9rapie<\/h2><p>Une journ\u00e9e de Phototh\u00e9rapie est r\u00e9partie en 3 \u00e9tapes bien d\u00e9finies. Apr\u00e8s une mise en confiance et une premi\u00e8re interaction autour d&rsquo;un caf\u00e9 ou d&rsquo;un th\u00e9, le photographe vous invite \u00e0 passer \u00e0 la premi\u00e8re \u00e9tape de la th\u00e9rapie.<\/p>\n\t\t\t<a href=\"http:\/\/phototherapie.be\/index.php\/une-journee-de-phototherapie\/\" target=\"_self\" role=\"button\" rel=\"noopener\">\n\t\t\t\t\t\t\tEn savoir plus\n\t\t\t\t\t<\/a>\n\t\t\t<img loading='false' src=\"http:\/\/phototherapie.be\/wp-content\/uploads\/2017\/06\/3184.jpg\" alt=\"\" \/><a href=\"http:\/\/phototherapie.be\/index.php\/une-journee-de-phototherapie\/\" target=\"_self\" aria-label=\"\" rel=\"noopener\"><\/a>\t\t\t\n<p>\u00ab\u00a0La beaut\u00e9 est dans les yeux de celui qui regarde\u00a0\u00bb<\/p>\n\n\n<p>\u00ab\u00a0Ne vous posez plus 10,000 questions&#8230; Osez poser!\u00a0\u00bb<\/p>\n\n<p>\u00a0\u00a0\u00bb Quel est le seau de la libert\u00e9 acquise ? Ne plus avoir honte de soi-m\u00eame\u00a0\u00bb\u00a0<\/p>\n\n\t\t\t<img loading='false' src=\"http:\/\/phototherapie.be\/wp-content\/uploads\/2017\/06\/1561651.jpg\" alt=\"\" \/><a href=\"http:\/\/phototherapie.be\/index.php\/une-journee-de-phototherapie\/\" target=\"_self\" aria-label=\"\" rel=\"noopener\"><\/a>\t\t\t\n\t\t\t\t<p>\u00a0<\/p>\n<p>\u00ab\u00a0On ne na\u00eet pas femme, on le devient\u00a0\u00bb<\/p>\n\n<p>\u00ab\u00a0Laissez tomber celle que vous imaginez devoir \u00eatre. Red\u00e9couvrez celle que vous \u00eates vraiment.\u00a0\u00bb<\/p>\n\t\t\t\t<a href=\"http:\/\/phototherapie.be\/index.php\/la-phototherapie-cest-quoi\/\" target=\"_self\" itemprop=\"url\" rel=\"noopener\">\n\t\t\t\t<img loading=\"lazy\" src=\"https:\/\/phototherapie.be\/wp-content\/uploads\/bb-plugin\/cache\/276122623_362863879180309_1749522265868925716_n-landscape.jpg\" alt=\"276122623_362863879180309_1749522265868925716_n\" itemprop=\"image\" height=\"820\" width=\"819\" title=\"276122623_362863879180309_1749522265868925716_n\" onerror=\"this.style.display='none'\"  \/>\n\t\t\t\t<\/a>\n<h2><a href=\"http:\/\/phototherapie.be\/index.php\/la-phototherapie-cest-quoi\/\" target=\"_self\" rel=\"noopener\">\u00c0 propos<\/a><\/h2>\t\t\n\t\t\t<p>La Phototh\u00e9rapie est une forme de th\u00e9rapie par la photo. Le photographe sp\u00e9cialis\u00e9 aide la personne photographi\u00e9e \u00e0 changer la perception de son apparence et \u00e0 prendre confiance en elle-m\u00eame.<\/p>\n<a href=\"http:\/\/phototherapie.be\/index.php\/la-phototherapie-cest-quoi\/\" target=\"_self\" rel=\"noopener\">En savoir plus<\/a>\t\t\n\t\t\t\t<a href=\"http:\/\/phototherapie.be\/index.php\/pour-qui\/\" target=\"_self\" rel=\"nofollow noopener\" itemprop=\"url\">\n\t\t\t\t<img src=\"https:\/\/phototherapie.be\/wp-content\/uploads\/bb-plugin\/cache\/unnamed-landscape.jpg\" alt=\"unnamed\" itemprop=\"image\" title=\"unnamed\" onerror=\"this.style.display='none'\"  \/>\n\t\t\t\t<\/a>\n<h2><a href=\"http:\/\/phototherapie.be\/index.php\/pour-qui\/\" target=\"_self\" rel=\"nofollow noopener\">\u00c0 qui s&rsquo;adresse la Phototh\u00e9rapie?<\/a><\/h2>\t\t\n\t\t\t<p>Une grande partie de nos int\u00e9ress\u00e9s se compose de femmes et de jeunes filles qui \u00e9prouvent des difficult\u00e9s \u00e0 accepter leur physique et qui par cons\u00e9quent en souffrent sur le plan psychologique.<\/p>\n<a href=\"http:\/\/phototherapie.be\/index.php\/pour-qui\/\" rel=\"nofollow noopener\" target=\"_self\">En savoir plus<\/a>\t\t\n\t\t\t\t<a href=\"http:\/\/phototherapie.be\/index.php\/une-journee-de-phototherapie\/\" target=\"_self\" itemprop=\"url\" rel=\"noopener\">\n\t\t\t\t<img src=\"https:\/\/phototherapie.be\/wp-content\/uploads\/bb-plugin\/cache\/phototh\u00e9rapie-studio-landscape.jpg\" alt=\"phototh\u00e9rapie-studio\" itemprop=\"image\" title=\"phototh\u00e9rapie-studio\" onerror=\"this.style.display='none'\"  \/>\n\t\t\t\t<\/a>\n<h2><a href=\"http:\/\/phototherapie.be\/index.php\/une-journee-de-phototherapie\/\" target=\"_self\" rel=\"noopener\">Une journ\u00e9e de Phototh\u00e9rapie<\/a><\/h2>\t\t\n\t\t\t<p>Une s\u00e9ance de Phototh\u00e9rapie dure 1 journ\u00e9e. En effet, pour qu&rsquo;une personne puisse ressentir les effets de la Phototh\u00e9rapie, il est n\u00e9cessaire que celle-ci ait une dur\u00e9e d&rsquo;au moins 1 journ\u00e9e \u00e9gale \u00e0 environ 8 heures.<\/p>\n<a href=\"http:\/\/phototherapie.be\/index.php\/une-journee-de-phototherapie\/\" target=\"_self\" rel=\"noopener\">En savoir plus<\/a>\t\t\n\t\t\t\t<a href=\"http:\/\/phototherapie.be\/index.php\/la-presse-en-parle\/\" target=\"_self\" itemprop=\"url\" rel=\"noopener\">\n\t\t\t\t<img loading=\"lazy\" src=\"https:\/\/phototherapie.be\/wp-content\/uploads\/2025\/09\/Design-sans-titre-57-300x251.png\" alt=\"Design sans titre (57)\" itemprop=\"image\" height=\"251\" width=\"300\" title=\"Design sans titre (57)\" onerror=\"this.style.display='none'\"  \/>\n\t\t\t\t<\/a>\n<h2><a href=\"http:\/\/phototherapie.be\/index.php\/la-presse-en-parle\/\" target=\"_self\" rel=\"noopener\">La presse en parle<\/a><\/h2>\t\t\n\t\t\t<p>Jean Mahaux, photographe de r\u00e9putation en Belgique tout comme \u00e0 New-York, a \u00e9t\u00e9 convi\u00e9 en de multiples occasions \u00e0 se pr\u00e9senter lors d&rsquo;\u00e9missions radio et TV ainsi qu&rsquo;\u00e0 partager son exp\u00e9rience et son projet de Phototh\u00e9rapie dans la presse \u00e9crite.<\/p>\n<a href=\"http:\/\/phototherapie.be\/index.php\/la-presse-en-parle\/\" target=\"_self\" rel=\"noopener\">En savoir plus<\/a>\t\t\n<h3>\n\t\tLA PHOTOTHERAPIE\n\t<\/h3>\n\t<iframe loading=\"lazy\" title=\"le studio pour la phototherapie\" width=\"500\" height=\"281\" src=\"https:\/\/www.youtube.com\/embed\/iUdFHC41hwQ?feature=oembed\" frameborder=\"0\" allow=\"accelerometer; autoplay; clipboard-write; encrypted-media; gyroscope; picture-in-picture\" allowfullscreen><\/iframe>\n\t<iframe loading=\"lazy\" width=\"500\" height=\"281\" src=\"https:\/\/www.youtube.com\/embed\/1aJXp-MBrQg?feature=oembed\" frameborder=\"0\" allow=\"accelerometer; autoplay; encrypted-media; gyroscope; picture-in-picture\" allowfullscreen><\/iframe>\n\t<iframe loading=\"lazy\" width=\"500\" height=\"281\" src=\"https:\/\/www.youtube.com\/embed\/UI0BmmWuh3Q?start=5&#038;feature=oembed\" frameborder=\"0\" allow=\"accelerometer; autoplay; clipboard-write; encrypted-media; gyroscope; picture-in-picture\" allowfullscreen><\/iframe>\n\t<iframe loading=\"lazy\" width=\"500\" height=\"281\" src=\"https:\/\/www.youtube.com\/embed\/TjbMgqy8t6E?feature=oembed\" frameborder=\"0\" allow=\"accelerometer; autoplay; clipboard-write; encrypted-media; gyroscope; picture-in-picture\" allowfullscreen><\/iframe>\n\t<iframe loading=\"lazy\" width=\"500\" height=\"281\" src=\"https:\/\/www.youtube.com\/embed\/3Fk4XajxgAw?feature=oembed\" frameborder=\"0\" allow=\"accelerometer; autoplay; encrypted-media; gyroscope; picture-in-picture\" allowfullscreen><\/iframe>\n\t<iframe loading=\"lazy\" width=\"914\" height=\"514\" src=\"https:\/\/www.youtube.com\/embed\/B1kTYvue_Ng\" title=\"Marine au studi + prise de vue et t\u00e9moignage\" frameborder=\"0\" allow=\"accelerometer; autoplay; clipboard-write; encrypted-media; gyroscope; picture-in-picture; web-share\" referrerpolicy=\"strict-origin-when-cross-origin\" allowfullscreen><\/iframe>\n<h2>\n\t\tT\u00e9moignages\n\t<\/h2>\n\t\t\t\t\t\n\t\t\t\u00ab\u00a0Pour moi il y&rsquo;a eu un avant et un apr\u00e8s&#8230;\u00a0\u00bb<hr \/>\t\t\n\t\t\t\t\t\n\t\t\t\u00ab\u00a0Je voulais garder cette image de ma \u00ab\u00a0petite fille\u00a0\u00bb&#8230; J&rsquo;ai d\u00e9couvert la r\u00e9alit\u00e9 en douceur et dans la bienveillance\u00a0\u00bb<hr \/><em>Sophie, 36 ans<br \/><\/em>\t\t\n\t\t\t<p>\u00ab\u00a0Lorsque je me suis vue \u00e0 l&rsquo;\u00e9cran, j&rsquo;ai eu un moment d&rsquo;h\u00e9sitation&#8230; et j&rsquo;ai fait connaissance avec&#8230; MOI.\u00a0\u00bb<\/p><hr \/><em>Val\u00e9rie, 49 ans<\/em>\t\t\n\t\t\t<hr \/><em>Le\u00efla, 13 ans<br \/><\/em>\t\t\n\t\t\t<hr \/><em>Marie, 13 ans<br \/><\/em>\t\t\n\t\t\t<hr \/><em>Pascale, 23 ans<br \/><\/em>\t\t\n\t\t\t<hr \/><em>Coline, 17 ans<br \/><\/em>\t\t\n\t\t\t<hr \/><em>Natalie, 42 ans<br \/><\/em>\t\t\n\t\t\t<hr \/><em>Virginie, 41 ans<br \/><\/em>\u00a0\t\t\n\t\t\t<hr \/><em>Isabelle, 56 ans<br \/><\/em>\u00a0\t\t\n\t\t\t<hr \/><em>Pascale, 38 ans<br \/><\/em>\u00a0\t\t\n\t<p>Le plaisir d&rsquo;offrir, pensez au bon cadeau &#8230;<\/p>\n\t\t\t\t<img src=\"http:\/\/phototherapie.be\/wp-content\/uploads\/2018\/10\/Bon-Cadeau-1.jpg\" alt=\"Bon Cadeau (1)\" itemprop=\"image\" title=\"Bon Cadeau (1)\" onerror=\"this.style.display='none'\"  \/>\n\t\t<h3>Contactez-nous ?<\/h3>\n\t\t<p>Du lundi au vendredi de 09h00 \u00e0 17h00<\/p>\n\t\t\t<a href=\"\" target=\"_self\" role=\"button\" rel=\"noopener\">\n\t\t\t\t\t\t\t+32494588375\n\t\t\t\t\t<\/a>\n\n","protected":false},"excerpt":{"rendered":"<p>Qu&rsquo;est-ce que la Phototh\u00e9rapie ? Discipline encore peu connue en Europe, la Phototh\u00e9rapie utilise la photographie dans un but th\u00e9rapeutique, le photographe sp\u00e9cialis\u00e9 vise \u00e0 r\u00e9tablir chez une personne un certain \u00e9quilibre entre l&rsquo;apparence et la perception de cette derni\u00e8re. En savoir plus D\u00e9roulement d&rsquo;une journ\u00e9e de Phototh\u00e9rapie Une journ\u00e9e de Phototh\u00e9rapie est r\u00e9partie en&hellip;<\/p>\n","protected":false},"author":1,"featured_media":0,"parent":0,"menu_order":0,"comment_status":"closed","ping_status":"closed","template":"","meta":[],"_links":{"self":[{"href":"https:\/\/phototherapie.be\/index.php\/wp-json\/wp\/v2\/pages\/7"}],"collection":[{"href":"https:\/\/phototherapie.be\/index.php\/wp-json\/wp\/v2\/pages"}],"about":[{"href":"https:\/\/phototherapie.be\/index.php\/wp-json\/wp\/v2\/types\/page"}],"author":[{"embeddable":true,"href":"https:\/\/phototherapie.be\/index.php\/wp-json\/wp\/v2\/users\/1"}],"replies":[{"embeddable":true,"href":"https:\/\/phototherapie.be\/index.php\/wp-json\/wp\/v2\/comments?post=7"}],"version-history":[{"count":100,"href":"https:\/\/phototherapie.be\/index.php\/wp-json\/wp\/v2\/pages\/7\/revisions"}],"predecessor-version":[{"id":532,"href":"https:\/\/phototherapie.be\/index.php\/wp-json\/wp\/v2\/pages\/7\/revisions\/532"}],"wp:attachment":[{"href":"https:\/\/phototherapie.be\/index.php\/wp-json\/wp\/v2\/media?parent=7"}],"curies":[{"name":"wp","href":"https:\/\/api.w.org\/{rel}","templated":true}]}}